{"id":3095,"date":"2025-04-20T04:16:15","date_gmt":"2025-04-20T04:16:15","guid":{"rendered":"https:\/\/cobrarentalbike.com\/rondleidingen\/"},"modified":"2025-05-17T01:16:25","modified_gmt":"2025-05-17T01:16:25","slug":"rondleidingen","status":"publish","type":"page","link":"https:\/\/cobrarentalbike.com\/nl\/rondleidingen\/","title":{"rendered":"Rondleidingen"},"content":{"rendered":"\n<div class=\"wp-block-uagb-container uagb-block-c54c600d alignfull uagb-is-root-container\"><div class=\"uagb-container-inner-blocks-wrap\">\n<div class=\"wp-block-uagb-advanced-heading uagb-block-439656ea\"><h5 class=\"uagb-heading-text\">Ontdek Valencia op wielen met onze<\/h5><\/div>\n\n\n\n<div class=\"wp-block-uagb-advanced-heading uagb-block-8b796fc7\"><h1 class=\"uagb-heading-text\">FIETS TOUR aan de BESTE PRIJS!<\/h1><\/div>\n\n\n\n<div class=\"wp-block-uagb-advanced-heading uagb-block-9f3a8c4b\"><\/div>\n<\/div><\/div>\n\n<div class=\"wp-block-uagb-container uagb-block-6c370ad7 alignfull uagb-is-root-container\"><div class=\"uagb-container-inner-blocks-wrap\"><\/div><\/div>\n\n<div class=\"wp-block-uagb-container uagb-block-h9mbbdaw alignfull uagb-is-root-container\"><div class=\"uagb-container-inner-blocks-wrap\">\n<div class=\"wp-block-uagb-info-box uagb-block-xyyqnlto uagb-infobox__content-wrap  uagb-infobox-icon-above-title uagb-infobox-image-valign-top\"><div class=\"uagb-ifb-content\"><div class=\"uagb-ifb-title-wrap\"><h2 class=\"uagb-ifb-title\"> <strong>FIETSTOER<\/strong><\/h2><\/div><p class=\"uagb-ifb-desc\">Ontdek Valencia op wielen met onze FIETSTOCHT aan BESTE PRIJS<\/p><\/div><\/div>\n\n\n\n<div class=\"wp-block-uagb-container uagb-block-mjy4lwsu\">\n<div class=\"wp-block-uagb-container uagb-block-1lcxnrxu\">\n<div class=\"wp-block-uagb-image alignleft uagb-block-iwi2mji5 wp-block-uagb-image--layout-default wp-block-uagb-image--effect-static wp-block-uagb-image--align-left\"><figure class=\"wp-block-uagb-image__figure\"><img decoding=\"async\" srcset=\"https:\/\/cobrarentalbike.com\/wp-content\/uploads\/2025\/04\/Imagen-de-tours-1024x683.png ,https:\/\/cobrarentalbike.com\/wp-content\/uploads\/2025\/04\/Imagen-de-tours.png 780w, https:\/\/cobrarentalbike.com\/wp-content\/uploads\/2025\/04\/Imagen-de-tours.png 360w\" sizes=\"auto, (max-width: 480px) 150px\" src=\"https:\/\/cobrarentalbike.com\/wp-content\/uploads\/2025\/04\/Imagen-de-tours-1024x683.png\" alt=\"Groep toeristen geniet van een fietstocht door de historische straten van Valencia, georganiseerd door Cobra Rental Bike. Ideaal voor wie de stad op een ecologische, leuke en begeleide manier wil leren kennen.\" class=\"uag-image-2675\" width=\"600\" height=\"450\" title=\"Fietstour in Valencia - Cobra Huurfietsen\" loading=\"lazy\" role=\"img\"><\/figure><\/div>\n<\/div>\n\n\n\n<div class=\"wp-block-uagb-container uagb-block-xktrheoa\">\n<div class=\"wp-block-uagb-info-box uagb-block-dv9gcjci uagb-infobox__content-wrap  uagb-infobox-icon-above-title uagb-infobox-image-valign-top\"><div class=\"uagb-ifb-content\"><div class=\"uagb-ifb-title-wrap\"><p class=\"uagb-ifb-title-prefix\">01<\/p><h3 class=\"uagb-ifb-title\">Tour voor volwassenen vanaf <strong>30\u20ac <\/strong>per persoon<br\/><\/h3><\/div><p class=\"uagb-ifb-desc\">Dompel jezelf onder in een verrijkende ervaring die exclusief is ontworpen voor volwassenen. Onze Volwassenen Rondleidingen, geprijsd vanaf 25-30 euro per persoon, bieden je de mogelijkheid om Valencia&#8217;s adembenemende landschappen en unieke culinaire proeverijen te ontdekken. Geniet van een ontspannen en stimulerende sfeer, ideaal om in contact te komen met andere reizigers en om blijvende herinneringen te cre\u00ebren \u2013 reserveer je plaats en beleef een avontuur op maat!   <\/p><\/div><\/div>\n\n\n\n<div class=\"wp-block-uagb-buttons uagb-buttons__outer-wrap uagb-btn__default-btn uagb-btn-tablet__default-btn uagb-btn-mobile__default-btn uagb-block-jchv5uei\"><div class=\"uagb-buttons__wrap uagb-buttons-layout-wrap \">\n<div class=\"wp-block-uagb-buttons-child uagb-buttons__outer-wrap uagb-block-fved4ay5 wp-block-button\"><div class=\"uagb-button__wrapper\"><a class=\"uagb-buttons-repeater wp-block-button__link\" aria-label=\"\" href=\"#reservar-ahora\" rel=\"follow noopener\" target=\"_self\" role=\"button\"><div class=\"uagb-button__link\">Boek nu<\/div><span class=\"uagb-button__icon uagb-button__icon-position-after\"><svg xmlns=\"https:\/\/www.w3.org\/2000\/svg\" viewbox=\"0 0 320 512\" aria-hidden=\"true\" focussable=\"false\"><path d=\"M96 480c-8.188 0-16.38-3.125-22.62-9.375c-12.5-12.5-12.5-32.75 0-45.25L242.8 256L73.38 86.63c-12.5-12.5-12.5-32.75 0-45.25s32.75-12.5 45.25 0l192 192c12.5 12.5 12.5 32.75 0 45.25l-192 192C112.4 476.9 104.2 480 96 480z\"><\/path><\/svg><\/span><\/a><\/div><\/div>\n<\/div><\/div>\n<\/div>\n\n\n\n<div class=\"wp-block-uagb-container uagb-block-zcxjzuuw\">\n<div class=\"wp-block-uagb-info-box uagb-block-96vdres2 uagb-infobox__content-wrap  uagb-infobox-icon-above-title uagb-infobox-image-valign-top\"><div class=\"uagb-ifb-content\"><div class=\"uagb-ifb-title-wrap\"><p class=\"uagb-ifb-title-prefix\">02<\/p><h3 class=\"uagb-ifb-title\"><strong>GRATIS kinderrondleiding bij aankoop van de rondleiding voor volwassenen.<\/strong><br\/><\/h3><\/div><p class=\"uagb-ifb-desc\">Plezier kent geen leeftijd! Onze Kids Tours zijn ontworpen om de nieuwsgierigheid en verbeelding van kinderen te prikkelen. De kleintjes zullen genieten van spannende en leerzame activiteiten in Valencia.  <\/p><\/div><\/div>\n\n\n\n<div class=\"wp-block-uagb-buttons uagb-buttons__outer-wrap uagb-btn__default-btn uagb-btn-tablet__default-btn uagb-btn-mobile__default-btn uagb-block-jaon5bxv\"><div class=\"uagb-buttons__wrap uagb-buttons-layout-wrap \">\n<div class=\"wp-block-uagb-buttons-child uagb-buttons__outer-wrap uagb-block-x1nojjlz wp-block-button\"><div class=\"uagb-button__wrapper\"><a class=\"uagb-buttons-repeater wp-block-button__link\" aria-label=\"\" href=\"#reservar-ahora\" rel=\"follow noopener\" target=\"_self\" role=\"button\"><div class=\"uagb-button__link\">Boek nu<\/div><span class=\"uagb-button__icon uagb-button__icon-position-after\"><svg xmlns=\"https:\/\/www.w3.org\/2000\/svg\" viewbox=\"0 0 320 512\" aria-hidden=\"true\" focussable=\"false\"><path d=\"M96 480c-8.188 0-16.38-3.125-22.62-9.375c-12.5-12.5-12.5-32.75 0-45.25L242.8 256L73.38 86.63c-12.5-12.5-12.5-32.75 0-45.25s32.75-12.5 45.25 0l192 192c12.5 12.5 12.5 32.75 0 45.25l-192 192C112.4 476.9 104.2 480 96 480z\"><\/path><\/svg><\/span><\/a><\/div><\/div>\n<\/div><\/div>\n<\/div>\n\n\n\n<div class=\"wp-block-uagb-container uagb-block-ppnexhh3\">\n<div class=\"wp-block-uagb-image alignleft uagb-block-kqutl02d wp-block-uagb-image--layout-default wp-block-uagb-image--effect-static wp-block-uagb-image--align-left\"><figure class=\"wp-block-uagb-image__figure\"><img decoding=\"async\" srcset=\"https:\/\/cobrarentalbike.com\/wp-content\/uploads\/2025\/04\/ChatGPT-Image-20-abr-2025-10_05_45-a.m-1024x683.png ,https:\/\/cobrarentalbike.com\/wp-content\/uploads\/2025\/04\/ChatGPT-Image-20-abr-2025-10_05_45-a.m.png 780w, https:\/\/cobrarentalbike.com\/wp-content\/uploads\/2025\/04\/ChatGPT-Image-20-abr-2025-10_05_45-a.m.png 360w\" sizes=\"auto, (max-width: 480px) 150px\" src=\"https:\/\/cobrarentalbike.com\/wp-content\/uploads\/2025\/04\/ChatGPT-Image-20-abr-2025-10_05_45-a.m-1024x683.png\" alt=\"Fietstocht naar de Serranos torens in Valencia met Cobra huurfiets  \" class=\"uag-image-2680\" width=\"600\" height=\"450\" title=\"Fietstocht door de Serranos Torens - Cobra fietsverhuur Valencia\" loading=\"lazy\" role=\"img\"><\/figure><\/div>\n<\/div>\n\n\n\n<div class=\"wp-block-uagb-container uagb-block-t9v2i86x\">\n<div class=\"wp-block-uagb-image alignleft uagb-block-ayuzqdt7 wp-block-uagb-image--layout-default wp-block-uagb-image--effect-static wp-block-uagb-image--align-left\"><figure class=\"wp-block-uagb-image__figure\"><img decoding=\"async\" srcset=\"https:\/\/cobrarentalbike.com\/wp-content\/uploads\/2025\/04\/imgprecio.png ,https:\/\/cobrarentalbike.com\/wp-content\/uploads\/2025\/04\/imgprecio.png 780w, https:\/\/cobrarentalbike.com\/wp-content\/uploads\/2025\/04\/imgprecio.png 360w\" sizes=\"auto, (max-width: 480px) 150px\" src=\"https:\/\/cobrarentalbike.com\/wp-content\/uploads\/2025\/04\/imgprecio.png\" alt=\"Fietsende vrouw naast de Stad van Kunst en Wetenschap in Valencia - Cobra Huurfiets  \" class=\"uag-image-2684\" width=\"600\" height=\"450\" title=\"Fietsroute rond de Stad van Kunst en Wetenschap - Cobra verhuurfiets Valencia\" loading=\"lazy\" role=\"img\"><\/figure><\/div>\n<\/div>\n\n\n\n<div class=\"wp-block-uagb-container uagb-block-ipguprnk\">\n<div class=\"wp-block-uagb-info-box uagb-block-wvegsyw9 uagb-infobox__content-wrap  uagb-infobox-icon-above-title uagb-infobox-image-valign-top\"><div class=\"uagb-ifb-content\"><div class=\"uagb-ifb-title-wrap\"><p class=\"uagb-ifb-title-prefix\">03<\/p><h3 class=\"uagb-ifb-title\">De tour omvat<\/h3><\/div><p class=\"uagb-ifb-desc\">Fiets<br\/>Gids<br\/>Verzekering<\/p><\/div><\/div>\n\n\n\n<div class=\"wp-block-uagb-buttons uagb-buttons__outer-wrap uagb-btn__default-btn uagb-btn-tablet__default-btn uagb-btn-mobile__default-btn uagb-block-0plspbjs\"><div class=\"uagb-buttons__wrap uagb-buttons-layout-wrap \">\n<div class=\"wp-block-uagb-buttons-child uagb-buttons__outer-wrap uagb-block-nudrkubv wp-block-button\"><div class=\"uagb-button__wrapper\"><a class=\"uagb-buttons-repeater wp-block-button__link\" aria-label=\"\" href=\"#reservar-ahora\" rel=\"follow noopener\" target=\"_self\" role=\"button\"><div class=\"uagb-button__link\">Boek nu<\/div><span class=\"uagb-button__icon uagb-button__icon-position-after\"><svg xmlns=\"https:\/\/www.w3.org\/2000\/svg\" viewbox=\"0 0 320 512\" aria-hidden=\"true\" focussable=\"false\"><path d=\"M96 480c-8.188 0-16.38-3.125-22.62-9.375c-12.5-12.5-12.5-32.75 0-45.25L242.8 256L73.38 86.63c-12.5-12.5-12.5-32.75 0-45.25s32.75-12.5 45.25 0l192 192c12.5 12.5 12.5 32.75 0 45.25l-192 192C112.4 476.9 104.2 480 96 480z\"><\/path><\/svg><\/span><\/a><\/div><\/div>\n<\/div><\/div>\n<\/div>\n<\/div>\n<\/div><\/div>\n\n<div class=\"wp-block-uagb-container uagb-block-73956980 alignfull uagb-is-root-container\"><div class=\"uagb-container-inner-blocks-wrap\"><\/div><\/div>\n\n<div class=\"wp-block-uagb-container uagb-block-2cd4fd37 alignfull uagb-is-root-container\"><div class=\"uagb-container-inner-blocks-wrap\">\n<div class=\"wp-block-uagb-advanced-heading uagb-block-ae83a350\" id=\"reservar\"><h2 class=\"uagb-heading-text\">Boek nu!<\/h2><\/div>\n\n\n\n<div class=\"wp-block-uagb-container uagb-block-c71cc55d alignfull uagb-is-root-container\"><div class=\"uagb-container-inner-blocks-wrap\"><\/div><\/div>\n<\/div><\/div>\n\n<div class=\"wp-block-uagb-container uagb-block-jywvotdi alignfull uagb-is-root-container\"><div class=\"uagb-container-inner-blocks-wrap\">\n<div class=\"wp-block-uagb-container uagb-block-lhltbvc0\">\n<div class=\"wp-block-uagb-info-box uagb-block-1wwoiw9i uagb-infobox__content-wrap  uagb-infobox-icon-above-title uagb-infobox-image-valign-top\" id=\"contacto\"><div class=\"uagb-ifb-content\"><div class=\"uagb-ifb-title-wrap\"><h2 class=\"uagb-ifb-title\">DONDE ESTAMOS<\/h2><\/div><p class=\"uagb-ifb-desc\">Cont\u00e1ctanos para cualquier informaci\u00f3n, nuestro equipo estar\u00e1 encantado de ayudarte.<\/p><\/div><\/div>\n\n\n\n<div class=\"wp-block-uagb-info-box uagb-block-ipsq04qm uagb-infobox__content-wrap  uagb-infobox-icon-left-title uagb-infobox-left uagb-infobox-image-valign-top\"><div class=\"uagb-ifb-content\"><div class=\"uagb-ifb-left-title-image\"><div class=\"uagb-ifb-icon-wrap\"><svg xmlns=\"https:\/\/www.w3.org\/2000\/svg\" viewBox=\"0 0 384 512\"><path d=\"M168.3 499.2C116.1 435 0 279.4 0 192C0 85.96 85.96 0 192 0C298 0 384 85.96 384 192C384 279.4 267 435 215.7 499.2C203.4 514.5 180.6 514.5 168.3 499.2H168.3zM192 256C227.3 256 256 227.3 256 192C256 156.7 227.3 128 192 128C156.7 128 128 156.7 128 192C128 227.3 156.7 256 192 256z\"><\/path><\/svg><\/div><div class=\"uagb-ifb-title-wrap\"><p class=\"uagb-ifb-title\">Direcci\u00f3n<\/p><\/div><\/div><p class=\"uagb-ifb-desc\">Carrer de la Bosseria, 17, 46001 Val\u00e9ncia, Espa\u00f1a<\/p><div class=\"uagb-ifb-separator\"><\/div><\/div><\/div>\n\n\n\n<div class=\"wp-block-uagb-info-box uagb-block-ovueu6w9 uagb-infobox__content-wrap  uagb-infobox-icon-left-title uagb-infobox-left uagb-infobox-image-valign-top\"><div class=\"uagb-ifb-content\"><div class=\"uagb-ifb-left-title-image\"><div class=\"uagb-ifb-icon-wrap\"><svg xmlns=\"https:\/\/www.w3.org\/2000\/svg\" viewBox=\"0 0 512 512\"><path d=\"M511.2 387l-23.25 100.8c-3.266 14.25-15.79 24.22-30.46 24.22C205.2 512 0 306.8 0 54.5c0-14.66 9.969-27.2 24.22-30.45l100.8-23.25C139.7-2.602 154.7 5.018 160.8 18.92l46.52 108.5c5.438 12.78 1.77 27.67-8.98 36.45L144.5 207.1c33.98 69.22 90.26 125.5 159.5 159.5l44.08-53.8c8.688-10.78 23.69-14.51 36.47-8.975l108.5 46.51C506.1 357.2 514.6 372.4 511.2 387z\"><\/path><\/svg><\/div><div class=\"uagb-ifb-title-wrap\"><p class=\"uagb-ifb-title\">Tel\u00e9fono<\/p><\/div><\/div><p class=\"uagb-ifb-desc\">+34623734819<\/p><div class=\"uagb-ifb-separator\"><\/div><\/div><\/div>\n\n\n\n<div class=\"wp-block-uagb-info-box uagb-block-nymauijz uagb-infobox__content-wrap  uagb-infobox-icon-left-title uagb-infobox-left uagb-infobox-image-valign-top\"><div class=\"uagb-ifb-content\"><div class=\"uagb-ifb-left-title-image\"><div class=\"uagb-ifb-icon-wrap\"><svg xmlns=\"https:\/\/www.w3.org\/2000\/svg\" viewBox=\"0 0 512 512\"><path d=\"M464 64C490.5 64 512 85.49 512 112C512 127.1 504.9 141.3 492.8 150.4L275.2 313.6C263.8 322.1 248.2 322.1 236.8 313.6L19.2 150.4C7.113 141.3 0 127.1 0 112C0 85.49 21.49 64 48 64H464zM217.6 339.2C240.4 356.3 271.6 356.3 294.4 339.2L512 176V384C512 419.3 483.3 448 448 448H64C28.65 448 0 419.3 0 384V176L217.6 339.2z\"><\/path><\/svg><\/div><div class=\"uagb-ifb-title-wrap\"><p class=\"uagb-ifb-title\">Email<\/p><\/div><\/div><p class=\"uagb-ifb-desc\">reservas@cobrarentalbikevalencia.com<\/p><div class=\"uagb-ifb-separator\"><\/div><\/div><\/div>\n<\/div>\n\n\n\t\t\t<div \n\t\t\tclass=\"wp-block-uagb-google-map uagb-google-map__wrap uagb-block-yjlf6f8s     \"\n\t\t\tstyle=\"\" >\n\t\t\t\t<embed\n\t\t\t\t\tclass=\"uagb-google-map__iframe\"\n\t\t\t\t\ttitle=\"Google Map voor \"\n\t\t\t\t\tsrc=\"https:\/\/maps.google.com\/maps?q=Carrer%20de%20la%20Bosseria%2C%2017%2C%2046001%20Val%C3%A9ncia%2C%20Espa%C3%B1a&#038;z=15&#038;hl=es&#038;t=m&#038;output=embed&#038;iwloc=near\"\n\t\t\t\t\twidth=\"640\"\n\t\t\t\t\theight=\"500\"\n\t\t\t\t\tloading=\"lazy\"\n\t\t\t\t><\/embed>\n\t\t\t<\/div>\n\t\t\t<\/div><\/div>\n","protected":false},"excerpt":{"rendered":"<p>Ontdek Valencia op wielen met onze FIETS TOUR aan de BESTE PRIJS! Boek nu!<\/p>\n","protected":false},"author":1,"featured_media":0,"parent":0,"menu_order":0,"comment_status":"closed","ping_status":"closed","template":"","meta":{"_surecart_dashboard_logo_width":"180px","_surecart_dashboard_show_logo":true,"_surecart_dashboard_navigation_orders":true,"_surecart_dashboard_navigation_invoices":true,"_surecart_dashboard_navigation_subscriptions":true,"_surecart_dashboard_navigation_downloads":true,"_surecart_dashboard_navigation_billing":true,"_surecart_dashboard_navigation_account":true,"_uag_custom_page_level_css":"","site-sidebar-layout":"no-sidebar","site-content-layout":"plain-container","ast-site-content-layout":"normal-width-container","site-content-style":"unboxed","site-sidebar-style":"unboxed","ast-global-header-display":"","ast-banner-title-visibility":"","ast-main-header-display":"","ast-hfb-above-header-display":"","ast-hfb-below-header-display":"","ast-hfb-mobile-header-display":"","site-post-title":"disabled","ast-breadcrumbs-content":"","ast-featured-img":"disabled","footer-sml-layout":"","ast-disable-related-posts":"","theme-transparent-header-meta":"enabled","adv-header-id-meta":"","stick-header-meta":"","header-above-stick-meta":"","header-main-stick-meta":"","header-below-stick-meta":"","astra-migrate-meta-layouts":"default","ast-page-background-enabled":"default","ast-page-background-meta":{"desktop":{"background-color":"","background-image":"","background-repeat":"repeat","background-position":"center center","background-size":"auto","background-attachment":"scroll","background-type":"","background-media":"","overlay-type":"","overlay-color":"","overlay-opacity":"","overlay-gradient":""},"tablet":{"background-color":"","background-image":"","background-repeat":"repeat","background-position":"center center","background-size":"auto","background-attachment":"scroll","background-type":"","background-media":"","overlay-type":"","overlay-color":"","overlay-opacity":"","overlay-gradient":""},"mobile":{"background-color":"","background-image":"","background-repeat":"repeat","background-position":"center center","background-size":"auto","background-attachment":"scroll","background-type":"","background-media":"","overlay-type":"","overlay-color":"","overlay-opacity":"","overlay-gradient":""}},"ast-content-background-meta":{"desktop":{"background-color":"var(--ast-global-color-5)","background-image":"","background-repeat":"repeat","background-position":"center center","background-size":"auto","background-attachment":"scroll","background-type":"","background-media":"","overlay-type":"","overlay-color":"","overlay-opacity":"","overlay-gradient":""},"tablet":{"background-color":"var(--ast-global-color-5)","background-image":"","background-repeat":"repeat","background-position":"center center","background-size":"auto","background-attachment":"scroll","background-type":"","background-media":"","overlay-type":"","overlay-color":"","overlay-opacity":"","overlay-gradient":""},"mobile":{"background-color":"var(--ast-global-color-5)","background-image":"","background-repeat":"repeat","background-position":"center center","background-size":"auto","background-attachment":"scroll","background-type":"","background-media":"","overlay-type":"","overlay-color":"","overlay-opacity":"","overlay-gradient":""}},"_joinchat":[],"footnotes":""},"class_list":["post-3095","page","type-page","status-publish","hentry"],"yoast_head":"<!-- This site is optimized with the Yoast SEO plugin v27.4 - https:\/\/yoast.com\/product\/yoast-seo-wordpress\/ -->\n<title>Rondleidingen - Cobra Renta Bike<\/title>\n<meta name=\"robots\" content=\"index, follow, max-snippet:-1, max-image-preview:large, max-video-preview:-1\" \/>\n<link rel=\"canonical\" href=\"https:\/\/cobrarentalbike.com\/nl\/rondleidingen\/\" \/>\n<meta property=\"og:locale\" content=\"nl_NL\" \/>\n<meta property=\"og:type\" content=\"article\" \/>\n<meta property=\"og:title\" content=\"Rondleidingen - Cobra Renta Bike\" \/>\n<meta property=\"og:description\" content=\"Ontdek Valencia op wielen met onze FIETS TOUR aan de BESTE PRIJS! Boek nu!\" \/>\n<meta property=\"og:url\" content=\"https:\/\/cobrarentalbike.com\/nl\/rondleidingen\/\" \/>\n<meta property=\"og:site_name\" content=\"Cobra Renta Bike\" \/>\n<meta property=\"article:modified_time\" content=\"2025-05-17T01:16:25+00:00\" \/>\n<meta property=\"og:image\" content=\"https:\/\/cobrarentalbike.com\/wp-content\/uploads\/2025\/04\/Imagen-de-tours-1024x683.png\" \/>\n<meta name=\"twitter:card\" content=\"summary_large_image\" \/>\n<meta name=\"twitter:label1\" content=\"Geschatte leestijd\" \/>\n\t<meta name=\"twitter:data1\" content=\"1 minuut\" \/>\n<script type=\"application\/ld+json\" class=\"yoast-schema-graph\">{\"@context\":\"https:\\\/\\\/schema.org\",\"@graph\":[{\"@type\":\"WebPage\",\"@id\":\"https:\\\/\\\/cobrarentalbike.com\\\/nl\\\/rondleidingen\\\/\",\"url\":\"https:\\\/\\\/cobrarentalbike.com\\\/nl\\\/rondleidingen\\\/\",\"name\":\"Rondleidingen - Cobra Renta Bike\",\"isPartOf\":{\"@id\":\"https:\\\/\\\/cobrarentalbike.com\\\/nl\\\/#website\"},\"primaryImageOfPage\":{\"@id\":\"https:\\\/\\\/cobrarentalbike.com\\\/nl\\\/rondleidingen\\\/#primaryimage\"},\"image\":{\"@id\":\"https:\\\/\\\/cobrarentalbike.com\\\/nl\\\/rondleidingen\\\/#primaryimage\"},\"thumbnailUrl\":\"https:\\\/\\\/cobrarentalbike.com\\\/wp-content\\\/uploads\\\/2025\\\/04\\\/Imagen-de-tours-1024x683.png\",\"datePublished\":\"2025-04-20T04:16:15+00:00\",\"dateModified\":\"2025-05-17T01:16:25+00:00\",\"breadcrumb\":{\"@id\":\"https:\\\/\\\/cobrarentalbike.com\\\/nl\\\/rondleidingen\\\/#breadcrumb\"},\"inLanguage\":\"nl-NL\",\"potentialAction\":[{\"@type\":\"ReadAction\",\"target\":[\"https:\\\/\\\/cobrarentalbike.com\\\/nl\\\/rondleidingen\\\/\"]}]},{\"@type\":\"ImageObject\",\"inLanguage\":\"nl-NL\",\"@id\":\"https:\\\/\\\/cobrarentalbike.com\\\/nl\\\/rondleidingen\\\/#primaryimage\",\"url\":\"https:\\\/\\\/cobrarentalbike.com\\\/wp-content\\\/uploads\\\/2025\\\/04\\\/Imagen-de-tours-1024x683.png\",\"contentUrl\":\"https:\\\/\\\/cobrarentalbike.com\\\/wp-content\\\/uploads\\\/2025\\\/04\\\/Imagen-de-tours-1024x683.png\"},{\"@type\":\"BreadcrumbList\",\"@id\":\"https:\\\/\\\/cobrarentalbike.com\\\/nl\\\/rondleidingen\\\/#breadcrumb\",\"itemListElement\":[{\"@type\":\"ListItem\",\"position\":1,\"name\":\"Thuis\",\"item\":\"https:\\\/\\\/cobrarentalbike.com\\\/nl\\\/\"},{\"@type\":\"ListItem\",\"position\":2,\"name\":\"Rondleidingen\"}]},{\"@type\":\"WebSite\",\"@id\":\"https:\\\/\\\/cobrarentalbike.com\\\/nl\\\/#website\",\"url\":\"https:\\\/\\\/cobrarentalbike.com\\\/nl\\\/\",\"name\":\"Cobra Renta Bike\",\"description\":\"Alquiler de bicicletas y tours guiados en Valencia\",\"publisher\":{\"@id\":\"https:\\\/\\\/cobrarentalbike.com\\\/nl\\\/#organization\"},\"potentialAction\":[{\"@type\":\"SearchAction\",\"target\":{\"@type\":\"EntryPoint\",\"urlTemplate\":\"https:\\\/\\\/cobrarentalbike.com\\\/nl\\\/?s={search_term_string}\"},\"query-input\":{\"@type\":\"PropertyValueSpecification\",\"valueRequired\":true,\"valueName\":\"search_term_string\"}}],\"inLanguage\":\"nl-NL\"},{\"@type\":\"Organization\",\"@id\":\"https:\\\/\\\/cobrarentalbike.com\\\/nl\\\/#organization\",\"name\":\"Cobra Renta Bike\",\"url\":\"https:\\\/\\\/cobrarentalbike.com\\\/nl\\\/\",\"logo\":{\"@type\":\"ImageObject\",\"inLanguage\":\"nl-NL\",\"@id\":\"https:\\\/\\\/cobrarentalbike.com\\\/nl\\\/#\\\/schema\\\/logo\\\/image\\\/\",\"url\":\"https:\\\/\\\/cobrarentalbike.com\\\/wp-content\\\/uploads\\\/2025\\\/04\\\/KobraBike_Oficial_Horizontal-03.png\",\"contentUrl\":\"https:\\\/\\\/cobrarentalbike.com\\\/wp-content\\\/uploads\\\/2025\\\/04\\\/KobraBike_Oficial_Horizontal-03.png\",\"width\":1800,\"height\":470,\"caption\":\"Cobra Renta Bike\"},\"image\":{\"@id\":\"https:\\\/\\\/cobrarentalbike.com\\\/nl\\\/#\\\/schema\\\/logo\\\/image\\\/\"},\"sameAs\":[\"https:\\\/\\\/www.instagram.com\\\/cobrarentalbike\",\"https:\\\/\\\/www.tiktok.com\\\/@cobra.rental.bike\"]}]}<\/script>\n<!-- \/ Yoast SEO plugin. -->","yoast_head_json":{"title":"Rondleidingen - Cobra Renta Bike","robots":{"index":"index","follow":"follow","max-snippet":"max-snippet:-1","max-image-preview":"max-image-preview:large","max-video-preview":"max-video-preview:-1"},"canonical":"https:\/\/cobrarentalbike.com\/nl\/rondleidingen\/","og_locale":"nl_NL","og_type":"article","og_title":"Rondleidingen - Cobra Renta Bike","og_description":"Ontdek Valencia op wielen met onze FIETS TOUR aan de BESTE PRIJS! Boek nu!","og_url":"https:\/\/cobrarentalbike.com\/nl\/rondleidingen\/","og_site_name":"Cobra Renta Bike","article_modified_time":"2025-05-17T01:16:25+00:00","og_image":[{"url":"https:\/\/cobrarentalbike.com\/wp-content\/uploads\/2025\/04\/Imagen-de-tours-1024x683.png","type":"","width":"","height":""}],"twitter_card":"summary_large_image","twitter_misc":{"Geschatte leestijd":"1 minuut"},"schema":{"@context":"https:\/\/schema.org","@graph":[{"@type":"WebPage","@id":"https:\/\/cobrarentalbike.com\/nl\/rondleidingen\/","url":"https:\/\/cobrarentalbike.com\/nl\/rondleidingen\/","name":"Rondleidingen - Cobra Renta Bike","isPartOf":{"@id":"https:\/\/cobrarentalbike.com\/nl\/#website"},"primaryImageOfPage":{"@id":"https:\/\/cobrarentalbike.com\/nl\/rondleidingen\/#primaryimage"},"image":{"@id":"https:\/\/cobrarentalbike.com\/nl\/rondleidingen\/#primaryimage"},"thumbnailUrl":"https:\/\/cobrarentalbike.com\/wp-content\/uploads\/2025\/04\/Imagen-de-tours-1024x683.png","datePublished":"2025-04-20T04:16:15+00:00","dateModified":"2025-05-17T01:16:25+00:00","breadcrumb":{"@id":"https:\/\/cobrarentalbike.com\/nl\/rondleidingen\/#breadcrumb"},"inLanguage":"nl-NL","potentialAction":[{"@type":"ReadAction","target":["https:\/\/cobrarentalbike.com\/nl\/rondleidingen\/"]}]},{"@type":"ImageObject","inLanguage":"nl-NL","@id":"https:\/\/cobrarentalbike.com\/nl\/rondleidingen\/#primaryimage","url":"https:\/\/cobrarentalbike.com\/wp-content\/uploads\/2025\/04\/Imagen-de-tours-1024x683.png","contentUrl":"https:\/\/cobrarentalbike.com\/wp-content\/uploads\/2025\/04\/Imagen-de-tours-1024x683.png"},{"@type":"BreadcrumbList","@id":"https:\/\/cobrarentalbike.com\/nl\/rondleidingen\/#breadcrumb","itemListElement":[{"@type":"ListItem","position":1,"name":"Thuis","item":"https:\/\/cobrarentalbike.com\/nl\/"},{"@type":"ListItem","position":2,"name":"Rondleidingen"}]},{"@type":"WebSite","@id":"https:\/\/cobrarentalbike.com\/nl\/#website","url":"https:\/\/cobrarentalbike.com\/nl\/","name":"Cobra Renta Bike","description":"Alquiler de bicicletas y tours guiados en Valencia","publisher":{"@id":"https:\/\/cobrarentalbike.com\/nl\/#organization"},"potentialAction":[{"@type":"SearchAction","target":{"@type":"EntryPoint","urlTemplate":"https:\/\/cobrarentalbike.com\/nl\/?s={search_term_string}"},"query-input":{"@type":"PropertyValueSpecification","valueRequired":true,"valueName":"search_term_string"}}],"inLanguage":"nl-NL"},{"@type":"Organization","@id":"https:\/\/cobrarentalbike.com\/nl\/#organization","name":"Cobra Renta Bike","url":"https:\/\/cobrarentalbike.com\/nl\/","logo":{"@type":"ImageObject","inLanguage":"nl-NL","@id":"https:\/\/cobrarentalbike.com\/nl\/#\/schema\/logo\/image\/","url":"https:\/\/cobrarentalbike.com\/wp-content\/uploads\/2025\/04\/KobraBike_Oficial_Horizontal-03.png","contentUrl":"https:\/\/cobrarentalbike.com\/wp-content\/uploads\/2025\/04\/KobraBike_Oficial_Horizontal-03.png","width":1800,"height":470,"caption":"Cobra Renta Bike"},"image":{"@id":"https:\/\/cobrarentalbike.com\/nl\/#\/schema\/logo\/image\/"},"sameAs":["https:\/\/www.instagram.com\/cobrarentalbike","https:\/\/www.tiktok.com\/@cobra.rental.bike"]}]}},"uagb_featured_image_src":{"full":false,"thumbnail":false,"medium":false,"medium_large":false,"large":false,"1536x1536":false,"2048x2048":false},"uagb_author_info":{"display_name":"cobrarentalbikevalencia","author_link":"https:\/\/cobrarentalbike.com\/nl\/author\/cobrarentalbikevalencia\/"},"uagb_comment_info":0,"uagb_excerpt":"Ontdek Valencia op wielen met onze FIETS TOUR aan de BESTE PRIJS! Boek nu!","_links":{"self":[{"href":"https:\/\/cobrarentalbike.com\/nl\/wp-json\/wp\/v2\/pages\/3095","targetHints":{"allow":["GET"]}}],"collection":[{"href":"https:\/\/cobrarentalbike.com\/nl\/wp-json\/wp\/v2\/pages"}],"about":[{"href":"https:\/\/cobrarentalbike.com\/nl\/wp-json\/wp\/v2\/types\/page"}],"author":[{"embeddable":true,"href":"https:\/\/cobrarentalbike.com\/nl\/wp-json\/wp\/v2\/users\/1"}],"replies":[{"embeddable":true,"href":"https:\/\/cobrarentalbike.com\/nl\/wp-json\/wp\/v2\/comments?post=3095"}],"version-history":[{"count":4,"href":"https:\/\/cobrarentalbike.com\/nl\/wp-json\/wp\/v2\/pages\/3095\/revisions"}],"predecessor-version":[{"id":3437,"href":"https:\/\/cobrarentalbike.com\/nl\/wp-json\/wp\/v2\/pages\/3095\/revisions\/3437"}],"wp:attachment":[{"href":"https:\/\/cobrarentalbike.com\/nl\/wp-json\/wp\/v2\/media?parent=3095"}],"curies":[{"name":"wp","href":"https:\/\/api.w.org\/{rel}","templated":true}]}}