{"id":3516,"date":"2025-04-20T04:16:15","date_gmt":"2025-04-20T04:16:15","guid":{"rendered":"https:\/\/cobrarentalbike.com\/tour\/"},"modified":"2025-05-17T01:16:25","modified_gmt":"2025-05-17T01:16:25","slug":"tour","status":"publish","type":"page","link":"https:\/\/cobrarentalbike.com\/it\/tour\/","title":{"rendered":"Tour"},"content":{"rendered":"\n<div class=\"wp-block-uagb-container uagb-block-c54c600d alignfull uagb-is-root-container\"><div class=\"uagb-container-inner-blocks-wrap\">\n<div class=\"wp-block-uagb-advanced-heading uagb-block-439656ea\"><h5 class=\"uagb-heading-text\">Scopri Valencia su ruote con il nostro<\/h5><\/div>\n\n\n\n<div class=\"wp-block-uagb-advanced-heading uagb-block-8b796fc7\"><h1 class=\"uagb-heading-text\">Tour in bicicletta al miglior prezzo!<\/h1><\/div>\n\n\n\n<div class=\"wp-block-uagb-advanced-heading uagb-block-9f3a8c4b\"><\/div>\n<\/div><\/div>\n\n<div class=\"wp-block-uagb-container uagb-block-6c370ad7 alignfull uagb-is-root-container\"><div class=\"uagb-container-inner-blocks-wrap\"><\/div><\/div>\n\n<div class=\"wp-block-uagb-container uagb-block-h9mbbdaw alignfull uagb-is-root-container\"><div class=\"uagb-container-inner-blocks-wrap\">\n<div class=\"wp-block-uagb-info-box uagb-block-xyyqnlto uagb-infobox__content-wrap  uagb-infobox-icon-above-title uagb-infobox-image-valign-top\"><div class=\"uagb-ifb-content\"><div class=\"uagb-ifb-title-wrap\"><h2 class=\"uagb-ifb-title\"> <strong>TOUR IN BICICLETTA<\/strong><\/h2><\/div><p class=\"uagb-ifb-desc\">Scopri Valencia su ruote con il nostro TOUR IN BICI al MIGLIOR PREZZO<\/p><\/div><\/div>\n\n\n\n<div class=\"wp-block-uagb-container uagb-block-mjy4lwsu\">\n<div class=\"wp-block-uagb-container uagb-block-1lcxnrxu\">\n<div class=\"wp-block-uagb-image alignleft uagb-block-iwi2mji5 wp-block-uagb-image--layout-default wp-block-uagb-image--effect-static wp-block-uagb-image--align-left\"><figure class=\"wp-block-uagb-image__figure\"><img decoding=\"async\" srcset=\"https:\/\/cobrarentalbike.com\/wp-content\/uploads\/2025\/04\/Imagen-de-tours-1024x683.png ,https:\/\/cobrarentalbike.com\/wp-content\/uploads\/2025\/04\/Imagen-de-tours.png 780w, https:\/\/cobrarentalbike.com\/wp-content\/uploads\/2025\/04\/Imagen-de-tours.png 360w\" sizes=\"auto, (max-width: 480px) 150px\" src=\"https:\/\/cobrarentalbike.com\/wp-content\/uploads\/2025\/04\/Imagen-de-tours-1024x683.png\" alt=\"Gruppo di turisti che si gode un tour in bicicletta per le vie storiche di Valencia, organizzato da Cobra Rental Bike. Ideale per chi vuole conoscere la citt\u00e0 in modo ecologico, divertente e guidato.\" class=\"uag-image-2675\" width=\"600\" height=\"450\" title=\"Tour in bicicletta a Valencia - Cobra Rental Bike\" loading=\"lazy\" role=\"img\"><\/figure><\/div>\n<\/div>\n\n\n\n<div class=\"wp-block-uagb-container uagb-block-xktrheoa\">\n<div class=\"wp-block-uagb-info-box uagb-block-dv9gcjci uagb-infobox__content-wrap  uagb-infobox-icon-above-title uagb-infobox-image-valign-top\"><div class=\"uagb-ifb-content\"><div class=\"uagb-ifb-title-wrap\"><p class=\"uagb-ifb-title-prefix\">01<\/p><h3 class=\"uagb-ifb-title\">Tour per adulti a partire da <strong>30\u20ac <\/strong>a persona<br\/><\/h3><\/div><p class=\"uagb-ifb-desc\">Immergiti in un&#8217;esperienza arricchente pensata esclusivamente per gli adulti. I nostri tour per adulti, al prezzo di 25-30 euro a persona, ti offrono l&#8217;opportunit\u00e0 di esplorare i paesaggi mozzafiato di Valencia e degustazioni culinarie uniche. Goditi un&#8217;atmosfera rilassata e stimolante, ideale per entrare in contatto con altri viaggiatori e creare ricordi indelebili: prenota il tuo posto e vivi un&#8217;avventura su misura per te!   <\/p><\/div><\/div>\n\n\n\n<div class=\"wp-block-uagb-buttons uagb-buttons__outer-wrap uagb-btn__default-btn uagb-btn-tablet__default-btn uagb-btn-mobile__default-btn uagb-block-jchv5uei\"><div class=\"uagb-buttons__wrap uagb-buttons-layout-wrap \">\n<div class=\"wp-block-uagb-buttons-child uagb-buttons__outer-wrap uagb-block-fved4ay5 wp-block-button\"><div class=\"uagb-button__wrapper\"><a class=\"uagb-buttons-repeater wp-block-button__link\" aria-label=\"\" href=\"#reservar-ahora\" rel=\"follow noopener\" target=\"_self\" role=\"button\"><div class=\"uagb-button__link\">Prenota ora<\/div><span class=\"uagb-button__icon uagb-button__icon-position-after\"><svg xmlns=\"https:\/\/www.w3.org\/2000\/svg\" viewbox=\"0 0 320 512\" aria-hidden=\"true\" focussable=\"false\"><path d=\"M96 480c-8.188 0-16.38-3.125-22.62-9.375c-12.5-12.5-12.5-32.75 0-45.25L242.8 256L73.38 86.63c-12.5-12.5-12.5-32.75 0-45.25s32.75-12.5 45.25 0l192 192c12.5 12.5 12.5 32.75 0 45.25l-192 192C112.4 476.9 104.2 480 96 480z\"><\/path><\/svg><\/span><\/a><\/div><\/div>\n<\/div><\/div>\n<\/div>\n\n\n\n<div class=\"wp-block-uagb-container uagb-block-zcxjzuuw\">\n<div class=\"wp-block-uagb-info-box uagb-block-96vdres2 uagb-infobox__content-wrap  uagb-infobox-icon-above-title uagb-infobox-image-valign-top\"><div class=\"uagb-ifb-content\"><div class=\"uagb-ifb-title-wrap\"><p class=\"uagb-ifb-title-prefix\">02<\/p><h3 class=\"uagb-ifb-title\"><strong>Tour gratuito per bambini con l&#8217;acquisto del tour per adulti.<\/strong><br\/><\/h3><\/div><p class=\"uagb-ifb-desc\">Il divertimento non conosce et\u00e0! I nostri tour per bambini sono pensati per risvegliare la curiosit\u00e0 e l&#8217;immaginazione dei bambini. I pi\u00f9 piccoli potranno godere di attivit\u00e0 emozionanti ed educative a Valencia.  <\/p><\/div><\/div>\n\n\n\n<div class=\"wp-block-uagb-buttons uagb-buttons__outer-wrap uagb-btn__default-btn uagb-btn-tablet__default-btn uagb-btn-mobile__default-btn uagb-block-jaon5bxv\"><div class=\"uagb-buttons__wrap uagb-buttons-layout-wrap \">\n<div class=\"wp-block-uagb-buttons-child uagb-buttons__outer-wrap uagb-block-x1nojjlz wp-block-button\"><div class=\"uagb-button__wrapper\"><a class=\"uagb-buttons-repeater wp-block-button__link\" aria-label=\"\" href=\"#reservar-ahora\" rel=\"follow noopener\" target=\"_self\" role=\"button\"><div class=\"uagb-button__link\">Prenota ora<\/div><span class=\"uagb-button__icon uagb-button__icon-position-after\"><svg xmlns=\"https:\/\/www.w3.org\/2000\/svg\" viewbox=\"0 0 320 512\" aria-hidden=\"true\" focussable=\"false\"><path d=\"M96 480c-8.188 0-16.38-3.125-22.62-9.375c-12.5-12.5-12.5-32.75 0-45.25L242.8 256L73.38 86.63c-12.5-12.5-12.5-32.75 0-45.25s32.75-12.5 45.25 0l192 192c12.5 12.5 12.5 32.75 0 45.25l-192 192C112.4 476.9 104.2 480 96 480z\"><\/path><\/svg><\/span><\/a><\/div><\/div>\n<\/div><\/div>\n<\/div>\n\n\n\n<div class=\"wp-block-uagb-container uagb-block-ppnexhh3\">\n<div class=\"wp-block-uagb-image alignleft uagb-block-kqutl02d wp-block-uagb-image--layout-default wp-block-uagb-image--effect-static wp-block-uagb-image--align-left\"><figure class=\"wp-block-uagb-image__figure\"><img decoding=\"async\" srcset=\"https:\/\/cobrarentalbike.com\/wp-content\/uploads\/2025\/04\/ChatGPT-Image-20-abr-2025-10_05_45-a.m-1024x683.png ,https:\/\/cobrarentalbike.com\/wp-content\/uploads\/2025\/04\/ChatGPT-Image-20-abr-2025-10_05_45-a.m.png 780w, https:\/\/cobrarentalbike.com\/wp-content\/uploads\/2025\/04\/ChatGPT-Image-20-abr-2025-10_05_45-a.m.png 360w\" sizes=\"auto, (max-width: 480px) 150px\" src=\"https:\/\/cobrarentalbike.com\/wp-content\/uploads\/2025\/04\/ChatGPT-Image-20-abr-2025-10_05_45-a.m-1024x683.png\" alt=\"Tour in bicicletta delle Torri di Serranos a Valencia con Cobra Rental Bike  \" class=\"uag-image-2680\" width=\"600\" height=\"450\" title=\"Giro in bicicletta attraverso le Torri di Serranos - Cobra Rental Bike Valencia\" loading=\"lazy\" role=\"img\"><\/figure><\/div>\n<\/div>\n\n\n\n<div class=\"wp-block-uagb-container uagb-block-t9v2i86x\">\n<div class=\"wp-block-uagb-image alignleft uagb-block-ayuzqdt7 wp-block-uagb-image--layout-default wp-block-uagb-image--effect-static wp-block-uagb-image--align-left\"><figure class=\"wp-block-uagb-image__figure\"><img decoding=\"async\" srcset=\"https:\/\/cobrarentalbike.com\/wp-content\/uploads\/2025\/04\/imgprecio.png ,https:\/\/cobrarentalbike.com\/wp-content\/uploads\/2025\/04\/imgprecio.png 780w, https:\/\/cobrarentalbike.com\/wp-content\/uploads\/2025\/04\/imgprecio.png 360w\" sizes=\"auto, (max-width: 480px) 150px\" src=\"https:\/\/cobrarentalbike.com\/wp-content\/uploads\/2025\/04\/imgprecio.png\" alt=\"Donna in bicicletta vicino alla Citt\u00e0 delle Arti e delle Scienze di Valencia - Cobra Rental Bike  \" class=\"uag-image-2684\" width=\"600\" height=\"450\" title=\"Percorso in bicicletta intorno alla Citt\u00e0 delle Arti e delle Scienze - Cobra Rental Bike Valencia\" loading=\"lazy\" role=\"img\"><\/figure><\/div>\n<\/div>\n\n\n\n<div class=\"wp-block-uagb-container uagb-block-ipguprnk\">\n<div class=\"wp-block-uagb-info-box uagb-block-wvegsyw9 uagb-infobox__content-wrap  uagb-infobox-icon-above-title uagb-infobox-image-valign-top\"><div class=\"uagb-ifb-content\"><div class=\"uagb-ifb-title-wrap\"><p class=\"uagb-ifb-title-prefix\">03<\/p><h3 class=\"uagb-ifb-title\">Il tour include<\/h3><\/div><p class=\"uagb-ifb-desc\">Bicicletta<br\/>Guida<br\/>Assicurazione<\/p><\/div><\/div>\n\n\n\n<div class=\"wp-block-uagb-buttons uagb-buttons__outer-wrap uagb-btn__default-btn uagb-btn-tablet__default-btn uagb-btn-mobile__default-btn uagb-block-0plspbjs\"><div class=\"uagb-buttons__wrap uagb-buttons-layout-wrap \">\n<div class=\"wp-block-uagb-buttons-child uagb-buttons__outer-wrap uagb-block-nudrkubv wp-block-button\"><div class=\"uagb-button__wrapper\"><a class=\"uagb-buttons-repeater wp-block-button__link\" aria-label=\"\" href=\"#reservar-ahora\" rel=\"follow noopener\" target=\"_self\" role=\"button\"><div class=\"uagb-button__link\">Prenota ora<\/div><span class=\"uagb-button__icon uagb-button__icon-position-after\"><svg xmlns=\"https:\/\/www.w3.org\/2000\/svg\" viewbox=\"0 0 320 512\" aria-hidden=\"true\" focussable=\"false\"><path d=\"M96 480c-8.188 0-16.38-3.125-22.62-9.375c-12.5-12.5-12.5-32.75 0-45.25L242.8 256L73.38 86.63c-12.5-12.5-12.5-32.75 0-45.25s32.75-12.5 45.25 0l192 192c12.5 12.5 12.5 32.75 0 45.25l-192 192C112.4 476.9 104.2 480 96 480z\"><\/path><\/svg><\/span><\/a><\/div><\/div>\n<\/div><\/div>\n<\/div>\n<\/div>\n<\/div><\/div>\n\n<div class=\"wp-block-uagb-container uagb-block-73956980 alignfull uagb-is-root-container\"><div class=\"uagb-container-inner-blocks-wrap\"><\/div><\/div>\n\n<div class=\"wp-block-uagb-container uagb-block-2cd4fd37 alignfull uagb-is-root-container\"><div class=\"uagb-container-inner-blocks-wrap\">\n<div class=\"wp-block-uagb-advanced-heading uagb-block-ae83a350\" id=\"reservar\"><h2 class=\"uagb-heading-text\">Prenota ora!<\/h2><\/div>\n\n\n\n<div class=\"wp-block-uagb-container uagb-block-c71cc55d alignfull uagb-is-root-container\"><div class=\"uagb-container-inner-blocks-wrap\"><\/div><\/div>\n<\/div><\/div>\n\n<div class=\"wp-block-uagb-container uagb-block-jywvotdi alignfull uagb-is-root-container\"><div class=\"uagb-container-inner-blocks-wrap\">\n<div class=\"wp-block-uagb-container uagb-block-lhltbvc0\">\n<div class=\"wp-block-uagb-info-box uagb-block-1wwoiw9i uagb-infobox__content-wrap  uagb-infobox-icon-above-title uagb-infobox-image-valign-top\" id=\"contacto\"><div class=\"uagb-ifb-content\"><div class=\"uagb-ifb-title-wrap\"><h2 class=\"uagb-ifb-title\">DONDE ESTAMOS<\/h2><\/div><p class=\"uagb-ifb-desc\">Cont\u00e1ctanos para cualquier informaci\u00f3n, nuestro equipo estar\u00e1 encantado de ayudarte.<\/p><\/div><\/div>\n\n\n\n<div class=\"wp-block-uagb-info-box uagb-block-ipsq04qm uagb-infobox__content-wrap  uagb-infobox-icon-left-title uagb-infobox-left uagb-infobox-image-valign-top\"><div class=\"uagb-ifb-content\"><div class=\"uagb-ifb-left-title-image\"><div class=\"uagb-ifb-icon-wrap\"><svg xmlns=\"https:\/\/www.w3.org\/2000\/svg\" viewBox=\"0 0 384 512\"><path d=\"M168.3 499.2C116.1 435 0 279.4 0 192C0 85.96 85.96 0 192 0C298 0 384 85.96 384 192C384 279.4 267 435 215.7 499.2C203.4 514.5 180.6 514.5 168.3 499.2H168.3zM192 256C227.3 256 256 227.3 256 192C256 156.7 227.3 128 192 128C156.7 128 128 156.7 128 192C128 227.3 156.7 256 192 256z\"><\/path><\/svg><\/div><div class=\"uagb-ifb-title-wrap\"><p class=\"uagb-ifb-title\">Direcci\u00f3n<\/p><\/div><\/div><p class=\"uagb-ifb-desc\">Carrer de la Bosseria, 17, 46001 Val\u00e9ncia, Espa\u00f1a<\/p><div class=\"uagb-ifb-separator\"><\/div><\/div><\/div>\n\n\n\n<div class=\"wp-block-uagb-info-box uagb-block-ovueu6w9 uagb-infobox__content-wrap  uagb-infobox-icon-left-title uagb-infobox-left uagb-infobox-image-valign-top\"><div class=\"uagb-ifb-content\"><div class=\"uagb-ifb-left-title-image\"><div class=\"uagb-ifb-icon-wrap\"><svg xmlns=\"https:\/\/www.w3.org\/2000\/svg\" viewBox=\"0 0 512 512\"><path d=\"M511.2 387l-23.25 100.8c-3.266 14.25-15.79 24.22-30.46 24.22C205.2 512 0 306.8 0 54.5c0-14.66 9.969-27.2 24.22-30.45l100.8-23.25C139.7-2.602 154.7 5.018 160.8 18.92l46.52 108.5c5.438 12.78 1.77 27.67-8.98 36.45L144.5 207.1c33.98 69.22 90.26 125.5 159.5 159.5l44.08-53.8c8.688-10.78 23.69-14.51 36.47-8.975l108.5 46.51C506.1 357.2 514.6 372.4 511.2 387z\"><\/path><\/svg><\/div><div class=\"uagb-ifb-title-wrap\"><p class=\"uagb-ifb-title\">Tel\u00e9fono<\/p><\/div><\/div><p class=\"uagb-ifb-desc\">+34623734819<\/p><div class=\"uagb-ifb-separator\"><\/div><\/div><\/div>\n\n\n\n<div class=\"wp-block-uagb-info-box uagb-block-nymauijz uagb-infobox__content-wrap  uagb-infobox-icon-left-title uagb-infobox-left uagb-infobox-image-valign-top\"><div class=\"uagb-ifb-content\"><div class=\"uagb-ifb-left-title-image\"><div class=\"uagb-ifb-icon-wrap\"><svg xmlns=\"https:\/\/www.w3.org\/2000\/svg\" viewBox=\"0 0 512 512\"><path d=\"M464 64C490.5 64 512 85.49 512 112C512 127.1 504.9 141.3 492.8 150.4L275.2 313.6C263.8 322.1 248.2 322.1 236.8 313.6L19.2 150.4C7.113 141.3 0 127.1 0 112C0 85.49 21.49 64 48 64H464zM217.6 339.2C240.4 356.3 271.6 356.3 294.4 339.2L512 176V384C512 419.3 483.3 448 448 448H64C28.65 448 0 419.3 0 384V176L217.6 339.2z\"><\/path><\/svg><\/div><div class=\"uagb-ifb-title-wrap\"><p class=\"uagb-ifb-title\">Email<\/p><\/div><\/div><p class=\"uagb-ifb-desc\">reservas@cobrarentalbikevalencia.com<\/p><div class=\"uagb-ifb-separator\"><\/div><\/div><\/div>\n<\/div>\n\n\n\t\t\t<div \n\t\t\tclass=\"wp-block-uagb-google-map uagb-google-map__wrap uagb-block-yjlf6f8s     \"\n\t\t\tstyle=\"\" >\n\t\t\t\t<embed\n\t\t\t\t\tclass=\"uagb-google-map__iframe\"\n\t\t\t\t\ttitle=\"Google Map for \"\n\t\t\t\t\tsrc=\"https:\/\/maps.google.com\/maps?q=Carrer%20de%20la%20Bosseria%2C%2017%2C%2046001%20Val%C3%A9ncia%2C%20Espa%C3%B1a&#038;z=15&#038;hl=es&#038;t=m&#038;output=embed&#038;iwloc=near\"\n\t\t\t\t\twidth=\"640\"\n\t\t\t\t\theight=\"500\"\n\t\t\t\t\tloading=\"lazy\"\n\t\t\t\t><\/embed>\n\t\t\t<\/div>\n\t\t\t<\/div><\/div>\n","protected":false},"excerpt":{"rendered":"<p>Scopri Valencia su ruote con il nostro Tour in bicicletta al miglior prezzo! Prenota ora!<\/p>\n","protected":false},"author":1,"featured_media":0,"parent":0,"menu_order":0,"comment_status":"closed","ping_status":"closed","template":"","meta":{"_surecart_dashboard_logo_width":"180px","_surecart_dashboard_show_logo":true,"_surecart_dashboard_navigation_orders":true,"_surecart_dashboard_navigation_invoices":true,"_surecart_dashboard_navigation_subscriptions":true,"_surecart_dashboard_navigation_downloads":true,"_surecart_dashboard_navigation_billing":true,"_surecart_dashboard_navigation_account":true,"_uag_custom_page_level_css":"","site-sidebar-layout":"no-sidebar","site-content-layout":"plain-container","ast-site-content-layout":"normal-width-container","site-content-style":"unboxed","site-sidebar-style":"unboxed","ast-global-header-display":"","ast-banner-title-visibility":"","ast-main-header-display":"","ast-hfb-above-header-display":"","ast-hfb-below-header-display":"","ast-hfb-mobile-header-display":"","site-post-title":"disabled","ast-breadcrumbs-content":"","ast-featured-img":"disabled","footer-sml-layout":"","ast-disable-related-posts":"","theme-transparent-header-meta":"enabled","adv-header-id-meta":"","stick-header-meta":"","header-above-stick-meta":"","header-main-stick-meta":"","header-below-stick-meta":"","astra-migrate-meta-layouts":"default","ast-page-background-enabled":"default","ast-page-background-meta":{"desktop":{"background-color":"","background-image":"","background-repeat":"repeat","background-position":"center center","background-size":"auto","background-attachment":"scroll","background-type":"","background-media":"","overlay-type":"","overlay-color":"","overlay-opacity":"","overlay-gradient":""},"tablet":{"background-color":"","background-image":"","background-repeat":"repeat","background-position":"center center","background-size":"auto","background-attachment":"scroll","background-type":"","background-media":"","overlay-type":"","overlay-color":"","overlay-opacity":"","overlay-gradient":""},"mobile":{"background-color":"","background-image":"","background-repeat":"repeat","background-position":"center center","background-size":"auto","background-attachment":"scroll","background-type":"","background-media":"","overlay-type":"","overlay-color":"","overlay-opacity":"","overlay-gradient":""}},"ast-content-background-meta":{"desktop":{"background-color":"var(--ast-global-color-5)","background-image":"","background-repeat":"repeat","background-position":"center center","background-size":"auto","background-attachment":"scroll","background-type":"","background-media":"","overlay-type":"","overlay-color":"","overlay-opacity":"","overlay-gradient":""},"tablet":{"background-color":"var(--ast-global-color-5)","background-image":"","background-repeat":"repeat","background-position":"center center","background-size":"auto","background-attachment":"scroll","background-type":"","background-media":"","overlay-type":"","overlay-color":"","overlay-opacity":"","overlay-gradient":""},"mobile":{"background-color":"var(--ast-global-color-5)","background-image":"","background-repeat":"repeat","background-position":"center center","background-size":"auto","background-attachment":"scroll","background-type":"","background-media":"","overlay-type":"","overlay-color":"","overlay-opacity":"","overlay-gradient":""}},"_joinchat":[],"footnotes":""},"class_list":["post-3516","page","type-page","status-publish","hentry"],"yoast_head":"<!-- This site is optimized with the Yoast SEO plugin v27.4 - https:\/\/yoast.com\/product\/yoast-seo-wordpress\/ -->\n<title>Tour - Cobra Renta Bike<\/title>\n<meta name=\"robots\" content=\"index, follow, max-snippet:-1, max-image-preview:large, max-video-preview:-1\" \/>\n<link rel=\"canonical\" href=\"https:\/\/cobrarentalbike.com\/it\/tour\/\" \/>\n<meta property=\"og:locale\" content=\"it_IT\" \/>\n<meta property=\"og:type\" content=\"article\" \/>\n<meta property=\"og:title\" content=\"Tour - Cobra Renta Bike\" \/>\n<meta property=\"og:description\" content=\"Scopri Valencia su ruote con il nostro Tour in bicicletta al miglior prezzo! Prenota ora!\" \/>\n<meta property=\"og:url\" content=\"https:\/\/cobrarentalbike.com\/it\/tour\/\" \/>\n<meta property=\"og:site_name\" content=\"Cobra Renta Bike\" \/>\n<meta property=\"article:modified_time\" content=\"2025-05-17T01:16:25+00:00\" \/>\n<meta property=\"og:image\" content=\"https:\/\/cobrarentalbike.com\/wp-content\/uploads\/2025\/04\/Imagen-de-tours-1024x683.png\" \/>\n<meta name=\"twitter:card\" content=\"summary_large_image\" \/>\n<meta name=\"twitter:label1\" content=\"Tempo di lettura stimato\" \/>\n\t<meta name=\"twitter:data1\" content=\"1 minuto\" \/>\n<script type=\"application\/ld+json\" class=\"yoast-schema-graph\">{\"@context\":\"https:\\\/\\\/schema.org\",\"@graph\":[{\"@type\":\"WebPage\",\"@id\":\"https:\\\/\\\/cobrarentalbike.com\\\/it\\\/tour\\\/\",\"url\":\"https:\\\/\\\/cobrarentalbike.com\\\/it\\\/tour\\\/\",\"name\":\"Tour - Cobra Renta Bike\",\"isPartOf\":{\"@id\":\"https:\\\/\\\/cobrarentalbike.com\\\/it\\\/#website\"},\"primaryImageOfPage\":{\"@id\":\"https:\\\/\\\/cobrarentalbike.com\\\/it\\\/tour\\\/#primaryimage\"},\"image\":{\"@id\":\"https:\\\/\\\/cobrarentalbike.com\\\/it\\\/tour\\\/#primaryimage\"},\"thumbnailUrl\":\"https:\\\/\\\/cobrarentalbike.com\\\/wp-content\\\/uploads\\\/2025\\\/04\\\/Imagen-de-tours-1024x683.png\",\"datePublished\":\"2025-04-20T04:16:15+00:00\",\"dateModified\":\"2025-05-17T01:16:25+00:00\",\"breadcrumb\":{\"@id\":\"https:\\\/\\\/cobrarentalbike.com\\\/it\\\/tour\\\/#breadcrumb\"},\"inLanguage\":\"it-IT\",\"potentialAction\":[{\"@type\":\"ReadAction\",\"target\":[\"https:\\\/\\\/cobrarentalbike.com\\\/it\\\/tour\\\/\"]}]},{\"@type\":\"ImageObject\",\"inLanguage\":\"it-IT\",\"@id\":\"https:\\\/\\\/cobrarentalbike.com\\\/it\\\/tour\\\/#primaryimage\",\"url\":\"https:\\\/\\\/cobrarentalbike.com\\\/wp-content\\\/uploads\\\/2025\\\/04\\\/Imagen-de-tours-1024x683.png\",\"contentUrl\":\"https:\\\/\\\/cobrarentalbike.com\\\/wp-content\\\/uploads\\\/2025\\\/04\\\/Imagen-de-tours-1024x683.png\"},{\"@type\":\"BreadcrumbList\",\"@id\":\"https:\\\/\\\/cobrarentalbike.com\\\/it\\\/tour\\\/#breadcrumb\",\"itemListElement\":[{\"@type\":\"ListItem\",\"position\":1,\"name\":\"Home\",\"item\":\"https:\\\/\\\/cobrarentalbike.com\\\/it\\\/\"},{\"@type\":\"ListItem\",\"position\":2,\"name\":\"Tour\"}]},{\"@type\":\"WebSite\",\"@id\":\"https:\\\/\\\/cobrarentalbike.com\\\/it\\\/#website\",\"url\":\"https:\\\/\\\/cobrarentalbike.com\\\/it\\\/\",\"name\":\"Cobra Renta Bike\",\"description\":\"Alquiler de bicicletas y tours guiados en Valencia\",\"publisher\":{\"@id\":\"https:\\\/\\\/cobrarentalbike.com\\\/it\\\/#organization\"},\"potentialAction\":[{\"@type\":\"SearchAction\",\"target\":{\"@type\":\"EntryPoint\",\"urlTemplate\":\"https:\\\/\\\/cobrarentalbike.com\\\/it\\\/?s={search_term_string}\"},\"query-input\":{\"@type\":\"PropertyValueSpecification\",\"valueRequired\":true,\"valueName\":\"search_term_string\"}}],\"inLanguage\":\"it-IT\"},{\"@type\":\"Organization\",\"@id\":\"https:\\\/\\\/cobrarentalbike.com\\\/it\\\/#organization\",\"name\":\"Cobra renta bike\",\"url\":\"https:\\\/\\\/cobrarentalbike.com\\\/it\\\/\",\"logo\":{\"@type\":\"ImageObject\",\"inLanguage\":\"it-IT\",\"@id\":\"https:\\\/\\\/cobrarentalbike.com\\\/it\\\/#\\\/schema\\\/logo\\\/image\\\/\",\"url\":\"https:\\\/\\\/cobrarentalbike.com\\\/wp-content\\\/uploads\\\/2025\\\/04\\\/KobraBike_Oficial_Horizontal-03.png\",\"contentUrl\":\"https:\\\/\\\/cobrarentalbike.com\\\/wp-content\\\/uploads\\\/2025\\\/04\\\/KobraBike_Oficial_Horizontal-03.png\",\"width\":1800,\"height\":470,\"caption\":\"Cobra renta bike\"},\"image\":{\"@id\":\"https:\\\/\\\/cobrarentalbike.com\\\/it\\\/#\\\/schema\\\/logo\\\/image\\\/\"},\"sameAs\":[\"https:\\\/\\\/www.instagram.com\\\/cobrarentalbike\",\"https:\\\/\\\/www.tiktok.com\\\/@cobra.rental.bike\"]}]}<\/script>\n<!-- \/ Yoast SEO plugin. -->","yoast_head_json":{"title":"Tour - Cobra Renta Bike","robots":{"index":"index","follow":"follow","max-snippet":"max-snippet:-1","max-image-preview":"max-image-preview:large","max-video-preview":"max-video-preview:-1"},"canonical":"https:\/\/cobrarentalbike.com\/it\/tour\/","og_locale":"it_IT","og_type":"article","og_title":"Tour - Cobra Renta Bike","og_description":"Scopri Valencia su ruote con il nostro Tour in bicicletta al miglior prezzo! Prenota ora!","og_url":"https:\/\/cobrarentalbike.com\/it\/tour\/","og_site_name":"Cobra Renta Bike","article_modified_time":"2025-05-17T01:16:25+00:00","og_image":[{"url":"https:\/\/cobrarentalbike.com\/wp-content\/uploads\/2025\/04\/Imagen-de-tours-1024x683.png","type":"","width":"","height":""}],"twitter_card":"summary_large_image","twitter_misc":{"Tempo di lettura stimato":"1 minuto"},"schema":{"@context":"https:\/\/schema.org","@graph":[{"@type":"WebPage","@id":"https:\/\/cobrarentalbike.com\/it\/tour\/","url":"https:\/\/cobrarentalbike.com\/it\/tour\/","name":"Tour - Cobra Renta Bike","isPartOf":{"@id":"https:\/\/cobrarentalbike.com\/it\/#website"},"primaryImageOfPage":{"@id":"https:\/\/cobrarentalbike.com\/it\/tour\/#primaryimage"},"image":{"@id":"https:\/\/cobrarentalbike.com\/it\/tour\/#primaryimage"},"thumbnailUrl":"https:\/\/cobrarentalbike.com\/wp-content\/uploads\/2025\/04\/Imagen-de-tours-1024x683.png","datePublished":"2025-04-20T04:16:15+00:00","dateModified":"2025-05-17T01:16:25+00:00","breadcrumb":{"@id":"https:\/\/cobrarentalbike.com\/it\/tour\/#breadcrumb"},"inLanguage":"it-IT","potentialAction":[{"@type":"ReadAction","target":["https:\/\/cobrarentalbike.com\/it\/tour\/"]}]},{"@type":"ImageObject","inLanguage":"it-IT","@id":"https:\/\/cobrarentalbike.com\/it\/tour\/#primaryimage","url":"https:\/\/cobrarentalbike.com\/wp-content\/uploads\/2025\/04\/Imagen-de-tours-1024x683.png","contentUrl":"https:\/\/cobrarentalbike.com\/wp-content\/uploads\/2025\/04\/Imagen-de-tours-1024x683.png"},{"@type":"BreadcrumbList","@id":"https:\/\/cobrarentalbike.com\/it\/tour\/#breadcrumb","itemListElement":[{"@type":"ListItem","position":1,"name":"Home","item":"https:\/\/cobrarentalbike.com\/it\/"},{"@type":"ListItem","position":2,"name":"Tour"}]},{"@type":"WebSite","@id":"https:\/\/cobrarentalbike.com\/it\/#website","url":"https:\/\/cobrarentalbike.com\/it\/","name":"Cobra Renta Bike","description":"Alquiler de bicicletas y tours guiados en Valencia","publisher":{"@id":"https:\/\/cobrarentalbike.com\/it\/#organization"},"potentialAction":[{"@type":"SearchAction","target":{"@type":"EntryPoint","urlTemplate":"https:\/\/cobrarentalbike.com\/it\/?s={search_term_string}"},"query-input":{"@type":"PropertyValueSpecification","valueRequired":true,"valueName":"search_term_string"}}],"inLanguage":"it-IT"},{"@type":"Organization","@id":"https:\/\/cobrarentalbike.com\/it\/#organization","name":"Cobra renta bike","url":"https:\/\/cobrarentalbike.com\/it\/","logo":{"@type":"ImageObject","inLanguage":"it-IT","@id":"https:\/\/cobrarentalbike.com\/it\/#\/schema\/logo\/image\/","url":"https:\/\/cobrarentalbike.com\/wp-content\/uploads\/2025\/04\/KobraBike_Oficial_Horizontal-03.png","contentUrl":"https:\/\/cobrarentalbike.com\/wp-content\/uploads\/2025\/04\/KobraBike_Oficial_Horizontal-03.png","width":1800,"height":470,"caption":"Cobra renta bike"},"image":{"@id":"https:\/\/cobrarentalbike.com\/it\/#\/schema\/logo\/image\/"},"sameAs":["https:\/\/www.instagram.com\/cobrarentalbike","https:\/\/www.tiktok.com\/@cobra.rental.bike"]}]}},"uagb_featured_image_src":{"full":false,"thumbnail":false,"medium":false,"medium_large":false,"large":false,"1536x1536":false,"2048x2048":false},"uagb_author_info":{"display_name":"cobrarentalbikevalencia","author_link":"https:\/\/cobrarentalbike.com\/it\/author\/cobrarentalbikevalencia\/"},"uagb_comment_info":0,"uagb_excerpt":"Scopri Valencia su ruote con il nostro Tour in bicicletta al miglior prezzo! Prenota ora!","_links":{"self":[{"href":"https:\/\/cobrarentalbike.com\/it\/wp-json\/wp\/v2\/pages\/3516","targetHints":{"allow":["GET"]}}],"collection":[{"href":"https:\/\/cobrarentalbike.com\/it\/wp-json\/wp\/v2\/pages"}],"about":[{"href":"https:\/\/cobrarentalbike.com\/it\/wp-json\/wp\/v2\/types\/page"}],"author":[{"embeddable":true,"href":"https:\/\/cobrarentalbike.com\/it\/wp-json\/wp\/v2\/users\/1"}],"replies":[{"embeddable":true,"href":"https:\/\/cobrarentalbike.com\/it\/wp-json\/wp\/v2\/comments?post=3516"}],"version-history":[{"count":1,"href":"https:\/\/cobrarentalbike.com\/it\/wp-json\/wp\/v2\/pages\/3516\/revisions"}],"predecessor-version":[{"id":3517,"href":"https:\/\/cobrarentalbike.com\/it\/wp-json\/wp\/v2\/pages\/3516\/revisions\/3517"}],"wp:attachment":[{"href":"https:\/\/cobrarentalbike.com\/it\/wp-json\/wp\/v2\/media?parent=3516"}],"curies":[{"name":"wp","href":"https:\/\/api.w.org\/{rel}","templated":true}]}}